{"id":4789,"date":"2022-04-13T11:58:09","date_gmt":"2022-04-13T10:58:09","guid":{"rendered":"https:\/\/hersteragarden.com\/professionnels\/architectes-et-prescripteurs\/"},"modified":"2023-01-11T13:17:03","modified_gmt":"2023-01-11T12:17:03","slug":"architectes-et-prescripteurs","status":"publish","type":"page","link":"https:\/\/hersteragarden.com\/fr\/professionnels\/architectes-et-prescripteurs\/","title":{"rendered":"Architectes et prescripteurs"},"content":{"rendered":"<div class=\"wp-bootstrap-blocks-container container-fluid mb-0 hero-full-container center-text\">\n\t\n\n<div class=\"wp-block-cover alignfull hero-full content-bottom\"><span aria-hidden=\"true\" class=\"wp-block-cover__background has-background-dim-0 has-background-dim\"><\/span><img loading=\"lazy\" decoding=\"async\" width=\"2440\" height=\"1422\" class=\"wp-block-cover__image-background wp-image-1365\" alt=\"\" src=\"https:\/\/hersteragarden.com\/wp-content\/uploads\/2022\/04\/profesional-arquitectos-header.jpg\" data-object-fit=\"cover\" srcset=\"https:\/\/hersteragarden.com\/wp-content\/uploads\/2022\/04\/profesional-arquitectos-header.jpg 2440w, https:\/\/hersteragarden.com\/wp-content\/uploads\/2022\/04\/profesional-arquitectos-header-300x175.jpg 300w, https:\/\/hersteragarden.com\/wp-content\/uploads\/2022\/04\/profesional-arquitectos-header-1024x597.jpg 1024w, https:\/\/hersteragarden.com\/wp-content\/uploads\/2022\/04\/profesional-arquitectos-header-768x448.jpg 768w, https:\/\/hersteragarden.com\/wp-content\/uploads\/2022\/04\/profesional-arquitectos-header-1536x895.jpg 1536w, https:\/\/hersteragarden.com\/wp-content\/uploads\/2022\/04\/profesional-arquitectos-header-2048x1194.jpg 2048w, https:\/\/hersteragarden.com\/wp-content\/uploads\/2022\/04\/profesional-arquitectos-header-600x350.jpg 600w\" sizes=\"auto, (max-width: 2440px) 100vw, 2440px\" \/><div class=\"wp-block-cover__inner-container is-layout-flow wp-block-cover-is-layout-flow\">\n<h1 class=\"has-text-align-center has-lm-pure-white-color-color has-text-color has-heading-big-font-size wp-block-heading\" id=\"garden\" style=\"font-style:normal;font-weight:700\">Projets architecturaux <\/h1>\n\n\n\n<h1 class=\"has-text-align-center has-lm-pure-white-color-color has-text-color has-heading-big-font-size wp-block-heading\" id=\"garden\" style=\"font-style:normal;font-weight:700\">et r\u00e9formes<\/h1>\n<\/div><\/div>\n\n<\/div>\n<div class=\"wp-bootstrap-blocks-container container mb-0 breadcrumbs\">\n\t\n<div class=\"wp-bootstrap-blocks-row row\">\n\t\n\n<div class=\"col-12 col-md-12\">\n\t\t\t\n<div class=\"yoast-breadcrumbs\"><span><span><a href=\"https:\/\/hersteragarden.com\/fr\/\">Portada<\/a><\/span> \/ <span><a href=\"https:\/\/hersteragarden.com\/fr\/professionnels\/\">Professionnels<\/a><\/span> \/ <span class=\"breadcrumb_last\" aria-current=\"page\">Architectes et prescripteurs<\/span><\/span><\/div>\n\t<\/div>\n\n<\/div>\n\n<\/div>\n<div class=\"wp-bootstrap-blocks-container container mb-0 texto-centrado aire\">\n\t\n<div class=\"wp-bootstrap-blocks-row row justify-content-center\">\n\t\n\n<div class=\"col-12 col-md-8 mx-auto\">\n\t\t\t\n\n<p class=\"has-text-align-center has-heading-small-font-size\" style=\"font-style:normal;font-weight:400\">Grands d\u00e9fis, petits d\u00e9tails<\/p>\n\n\n\n<p class=\"has-lm-light-color-color has-text-color has-text-normal-font-size\">Apportez \u00e0 vos projets la fonctionnalit\u00e9 et l&rsquo;\u00e9l\u00e9gance qu&rsquo;apportent nos pots et jardini\u00e8res m\u00e9talliques modulaires. Nous vous aidons \u00e0 transformer les espaces et \u00e0 concr\u00e9tiser vos id\u00e9es. Nos pots et jardini\u00e8res sont con\u00e7us pour diviser les pi\u00e8ces, d\u00e9limiter les espaces, pour apporter une touche verte aux bureaux, restaurants ou h\u00f4tels&#8230; \u00e0 vous de d\u00e9cider. <\/p>\n\n\n\n<div class=\"wp-block-buttons is-layout-flex wp-block-buttons-is-layout-flex\">\n<div class=\"wp-block-button aligncenter is-style-outline is-style-outline--1\"><a class=\"wp-block-button__link wp-element-button\" href=\"https:\/\/hersteragarden.com\/fr\/telecharger-le-catalogue-contract\/\" style=\"border-radius:0px\">Voir le catalogue contract<\/a><\/div>\n<\/div>\n\n\t<\/div>\n\n<\/div>\n\n<\/div>\n<div class=\"wp-bootstrap-blocks-container container mb-0 slider\">\n\t\n<div class=\"wp-bootstrap-blocks-row row\">\n\t\n\n<div class=\"col-12 col-md-12 col-lg-11\">\n\t\t\t\n\n<div class=\"wp-block-cb-carousel cb-single-slide\" data-slick=\"{&quot;slidesToShow&quot;:1,&quot;slidesToScroll&quot;:1,&quot;speed&quot;:600,&quot;arrows&quot;:true,&quot;dots&quot;:true,&quot;autoplay&quot;:true,&quot;autoplaySpeed&quot;:3000,&quot;infinite&quot;:true,&quot;responsive&quot;:[{&quot;breakpoint&quot;:769,&quot;settings&quot;:{&quot;slidesToShow&quot;:1}}]}\">\n<div class=\"wp-block-cb-slide\">\n<figure class=\"wp-block-image size-full\"><img loading=\"lazy\" decoding=\"async\" width=\"2240\" height=\"1384\" src=\"https:\/\/hersteragarden.com\/wp-content\/uploads\/2022\/10\/producto-jardineras-slider-2023-1.jpg\" alt=\"\" class=\"wp-image-2451\" srcset=\"https:\/\/hersteragarden.com\/wp-content\/uploads\/2022\/10\/producto-jardineras-slider-2023-1.jpg 2240w, https:\/\/hersteragarden.com\/wp-content\/uploads\/2022\/10\/producto-jardineras-slider-2023-1-300x185.jpg 300w, https:\/\/hersteragarden.com\/wp-content\/uploads\/2022\/10\/producto-jardineras-slider-2023-1-1024x633.jpg 1024w, https:\/\/hersteragarden.com\/wp-content\/uploads\/2022\/10\/producto-jardineras-slider-2023-1-768x475.jpg 768w, https:\/\/hersteragarden.com\/wp-content\/uploads\/2022\/10\/producto-jardineras-slider-2023-1-1536x949.jpg 1536w, https:\/\/hersteragarden.com\/wp-content\/uploads\/2022\/10\/producto-jardineras-slider-2023-1-2048x1265.jpg 2048w, https:\/\/hersteragarden.com\/wp-content\/uploads\/2022\/10\/producto-jardineras-slider-2023-1-600x371.jpg 600w\" sizes=\"auto, (max-width: 2240px) 100vw, 2240px\" \/><\/figure>\n<\/div>\n\n\n\n<div class=\"wp-block-cb-slide\">\n<figure class=\"wp-block-image size-full\"><img loading=\"lazy\" decoding=\"async\" width=\"2240\" height=\"1384\" src=\"https:\/\/hersteragarden.com\/wp-content\/uploads\/2022\/10\/producto-jardineras-slider-2023-6.jpg\" alt=\"\" class=\"wp-image-2456\" srcset=\"https:\/\/hersteragarden.com\/wp-content\/uploads\/2022\/10\/producto-jardineras-slider-2023-6.jpg 2240w, https:\/\/hersteragarden.com\/wp-content\/uploads\/2022\/10\/producto-jardineras-slider-2023-6-300x185.jpg 300w, https:\/\/hersteragarden.com\/wp-content\/uploads\/2022\/10\/producto-jardineras-slider-2023-6-1024x633.jpg 1024w, https:\/\/hersteragarden.com\/wp-content\/uploads\/2022\/10\/producto-jardineras-slider-2023-6-768x475.jpg 768w, https:\/\/hersteragarden.com\/wp-content\/uploads\/2022\/10\/producto-jardineras-slider-2023-6-1536x949.jpg 1536w, https:\/\/hersteragarden.com\/wp-content\/uploads\/2022\/10\/producto-jardineras-slider-2023-6-2048x1265.jpg 2048w, https:\/\/hersteragarden.com\/wp-content\/uploads\/2022\/10\/producto-jardineras-slider-2023-6-600x371.jpg 600w\" sizes=\"auto, (max-width: 2240px) 100vw, 2240px\" \/><\/figure>\n<\/div>\n\n\n\n<div class=\"wp-block-cb-slide\">\n<figure class=\"wp-block-image size-full\"><img loading=\"lazy\" decoding=\"async\" width=\"2240\" height=\"1384\" src=\"https:\/\/hersteragarden.com\/wp-content\/uploads\/2022\/10\/producto-jardineras-slider-2023-5.jpg\" alt=\"\" class=\"wp-image-2455\" srcset=\"https:\/\/hersteragarden.com\/wp-content\/uploads\/2022\/10\/producto-jardineras-slider-2023-5.jpg 2240w, https:\/\/hersteragarden.com\/wp-content\/uploads\/2022\/10\/producto-jardineras-slider-2023-5-300x185.jpg 300w, https:\/\/hersteragarden.com\/wp-content\/uploads\/2022\/10\/producto-jardineras-slider-2023-5-1024x633.jpg 1024w, https:\/\/hersteragarden.com\/wp-content\/uploads\/2022\/10\/producto-jardineras-slider-2023-5-768x475.jpg 768w, https:\/\/hersteragarden.com\/wp-content\/uploads\/2022\/10\/producto-jardineras-slider-2023-5-1536x949.jpg 1536w, https:\/\/hersteragarden.com\/wp-content\/uploads\/2022\/10\/producto-jardineras-slider-2023-5-2048x1265.jpg 2048w, https:\/\/hersteragarden.com\/wp-content\/uploads\/2022\/10\/producto-jardineras-slider-2023-5-600x371.jpg 600w\" sizes=\"auto, (max-width: 2240px) 100vw, 2240px\" \/><\/figure>\n<\/div>\n\n\n\n<div class=\"wp-block-cb-slide\">\n<figure class=\"wp-block-image size-large\"><img loading=\"lazy\" decoding=\"async\" width=\"1024\" height=\"633\" src=\"https:\/\/hersteragarden.com\/wp-content\/uploads\/2022\/10\/producto-jardineras-slider-2023-2-1024x633.jpg\" alt=\"\" class=\"wp-image-2452\" srcset=\"https:\/\/hersteragarden.com\/wp-content\/uploads\/2022\/10\/producto-jardineras-slider-2023-2-1024x633.jpg 1024w, https:\/\/hersteragarden.com\/wp-content\/uploads\/2022\/10\/producto-jardineras-slider-2023-2-300x185.jpg 300w, https:\/\/hersteragarden.com\/wp-content\/uploads\/2022\/10\/producto-jardineras-slider-2023-2-768x475.jpg 768w, https:\/\/hersteragarden.com\/wp-content\/uploads\/2022\/10\/producto-jardineras-slider-2023-2-1536x949.jpg 1536w, https:\/\/hersteragarden.com\/wp-content\/uploads\/2022\/10\/producto-jardineras-slider-2023-2-2048x1265.jpg 2048w, https:\/\/hersteragarden.com\/wp-content\/uploads\/2022\/10\/producto-jardineras-slider-2023-2-600x371.jpg 600w\" sizes=\"auto, (max-width: 1024px) 100vw, 1024px\" \/><\/figure>\n<\/div>\n\n\n\n<div class=\"wp-block-cb-slide\">\n<figure class=\"wp-block-image size-full\"><img loading=\"lazy\" decoding=\"async\" width=\"2240\" height=\"1384\" src=\"https:\/\/hersteragarden.com\/wp-content\/uploads\/2022\/10\/producto-jardineras-slider-2023-4.jpg\" alt=\"\" class=\"wp-image-2454\" srcset=\"https:\/\/hersteragarden.com\/wp-content\/uploads\/2022\/10\/producto-jardineras-slider-2023-4.jpg 2240w, https:\/\/hersteragarden.com\/wp-content\/uploads\/2022\/10\/producto-jardineras-slider-2023-4-300x185.jpg 300w, https:\/\/hersteragarden.com\/wp-content\/uploads\/2022\/10\/producto-jardineras-slider-2023-4-1024x633.jpg 1024w, https:\/\/hersteragarden.com\/wp-content\/uploads\/2022\/10\/producto-jardineras-slider-2023-4-768x475.jpg 768w, https:\/\/hersteragarden.com\/wp-content\/uploads\/2022\/10\/producto-jardineras-slider-2023-4-1536x949.jpg 1536w, https:\/\/hersteragarden.com\/wp-content\/uploads\/2022\/10\/producto-jardineras-slider-2023-4-2048x1265.jpg 2048w, https:\/\/hersteragarden.com\/wp-content\/uploads\/2022\/10\/producto-jardineras-slider-2023-4-600x371.jpg 600w\" sizes=\"auto, (max-width: 2240px) 100vw, 2240px\" \/><\/figure>\n<\/div>\n\n\n\n<div class=\"wp-block-cb-slide\">\n<figure class=\"wp-block-image size-full\"><img loading=\"lazy\" decoding=\"async\" width=\"1956\" height=\"1209\" src=\"https:\/\/hersteragarden.com\/wp-content\/uploads\/2022\/04\/profesional-arquitectos-slider2.jpg\" alt=\"\" class=\"wp-image-1370\" srcset=\"https:\/\/hersteragarden.com\/wp-content\/uploads\/2022\/04\/profesional-arquitectos-slider2.jpg 1956w, https:\/\/hersteragarden.com\/wp-content\/uploads\/2022\/04\/profesional-arquitectos-slider2-300x185.jpg 300w, https:\/\/hersteragarden.com\/wp-content\/uploads\/2022\/04\/profesional-arquitectos-slider2-1024x633.jpg 1024w, https:\/\/hersteragarden.com\/wp-content\/uploads\/2022\/04\/profesional-arquitectos-slider2-768x475.jpg 768w, https:\/\/hersteragarden.com\/wp-content\/uploads\/2022\/04\/profesional-arquitectos-slider2-1536x949.jpg 1536w, https:\/\/hersteragarden.com\/wp-content\/uploads\/2022\/04\/profesional-arquitectos-slider2-600x371.jpg 600w\" sizes=\"auto, (max-width: 1956px) 100vw, 1956px\" \/><\/figure>\n<\/div>\n\n\n\n<div class=\"wp-block-cb-slide\">\n<figure class=\"wp-block-image size-full\"><img loading=\"lazy\" decoding=\"async\" width=\"1956\" height=\"1209\" src=\"https:\/\/hersteragarden.com\/wp-content\/uploads\/2022\/04\/profesional-arquitectos-slider3.jpg\" alt=\"\" class=\"wp-image-1371\" srcset=\"https:\/\/hersteragarden.com\/wp-content\/uploads\/2022\/04\/profesional-arquitectos-slider3.jpg 1956w, https:\/\/hersteragarden.com\/wp-content\/uploads\/2022\/04\/profesional-arquitectos-slider3-300x185.jpg 300w, https:\/\/hersteragarden.com\/wp-content\/uploads\/2022\/04\/profesional-arquitectos-slider3-1024x633.jpg 1024w, https:\/\/hersteragarden.com\/wp-content\/uploads\/2022\/04\/profesional-arquitectos-slider3-768x475.jpg 768w, https:\/\/hersteragarden.com\/wp-content\/uploads\/2022\/04\/profesional-arquitectos-slider3-1536x949.jpg 1536w, https:\/\/hersteragarden.com\/wp-content\/uploads\/2022\/04\/profesional-arquitectos-slider3-600x371.jpg 600w\" sizes=\"auto, (max-width: 1956px) 100vw, 1956px\" \/><\/figure>\n<\/div>\n\n\n\n<div class=\"wp-block-cb-slide\">\n<figure class=\"wp-block-image size-full\"><img loading=\"lazy\" decoding=\"async\" width=\"1956\" height=\"1209\" src=\"https:\/\/hersteragarden.com\/wp-content\/uploads\/2022\/04\/profesional-arquitectos-slider4.jpg\" alt=\"\" class=\"wp-image-1372\" srcset=\"https:\/\/hersteragarden.com\/wp-content\/uploads\/2022\/04\/profesional-arquitectos-slider4.jpg 1956w, https:\/\/hersteragarden.com\/wp-content\/uploads\/2022\/04\/profesional-arquitectos-slider4-300x185.jpg 300w, https:\/\/hersteragarden.com\/wp-content\/uploads\/2022\/04\/profesional-arquitectos-slider4-1024x633.jpg 1024w, https:\/\/hersteragarden.com\/wp-content\/uploads\/2022\/04\/profesional-arquitectos-slider4-768x475.jpg 768w, https:\/\/hersteragarden.com\/wp-content\/uploads\/2022\/04\/profesional-arquitectos-slider4-1536x949.jpg 1536w, https:\/\/hersteragarden.com\/wp-content\/uploads\/2022\/04\/profesional-arquitectos-slider4-600x371.jpg 600w\" sizes=\"auto, (max-width: 1956px) 100vw, 1956px\" \/><\/figure>\n<\/div>\n\n\n\n<div class=\"wp-block-cb-slide\">\n<figure class=\"wp-block-image size-full\"><img loading=\"lazy\" decoding=\"async\" width=\"1956\" height=\"1209\" src=\"https:\/\/hersteragarden.com\/wp-content\/uploads\/2022\/04\/profesional-arquitectos-slider5.jpg\" alt=\"\" class=\"wp-image-1373\" srcset=\"https:\/\/hersteragarden.com\/wp-content\/uploads\/2022\/04\/profesional-arquitectos-slider5.jpg 1956w, https:\/\/hersteragarden.com\/wp-content\/uploads\/2022\/04\/profesional-arquitectos-slider5-300x185.jpg 300w, https:\/\/hersteragarden.com\/wp-content\/uploads\/2022\/04\/profesional-arquitectos-slider5-1024x633.jpg 1024w, https:\/\/hersteragarden.com\/wp-content\/uploads\/2022\/04\/profesional-arquitectos-slider5-768x475.jpg 768w, https:\/\/hersteragarden.com\/wp-content\/uploads\/2022\/04\/profesional-arquitectos-slider5-1536x949.jpg 1536w, https:\/\/hersteragarden.com\/wp-content\/uploads\/2022\/04\/profesional-arquitectos-slider5-600x371.jpg 600w\" sizes=\"auto, (max-width: 1956px) 100vw, 1956px\" \/><\/figure>\n<\/div>\n<\/div>\n\n\t<\/div>\n\n<\/div>\n\n<\/div>\n<div class=\"wp-bootstrap-blocks-container container mb-0 pt-5 pb-5\">\n\t\n<div class=\"wp-bootstrap-blocks-row row\">\n\t\n\n<div class=\"col-11 col-md-11 mx-auto\">\n\t\t\t\n\n<div class=\"wp-block-media-text has-media-on-the-right is-stacked-on-mobile is-vertically-aligned-center\"><div class=\"wp-block-media-text__content\">\n<h2 class=\"mb-5 has-heading-2-font-size wp-block-heading\" id=\"maceteros-jardineras-accesoriosde-jardineria-y-decoracion-paraprofesionales\">Dividers pour projets contract<\/h2>\n\n\n\n<p>Nos jardini\u00e8res m\u00e9talliques modulaires permettent de d\u00e9limiter des espaces sans avoir besoin de murs. Gr\u00e2ce \u00e0 son design, il est possible de cr\u00e9er des environnements uniques, apportant une excellente impression \u00e0 travers un style moderne. Disponibilit\u00e9 des accessoires et des couleurs.<\/p>\n\n\n\n<div class=\"wp-block-buttons is-layout-flex wp-block-buttons-is-layout-flex\">\n<div class=\"wp-block-button is-style-outline is-style-outline--2\"><a class=\"wp-block-button__link wp-element-button\" href=\"https:\/\/hersteragarden.com\/fr\/telecharger-le-catalogue-contract\/\" style=\"border-radius:0px\" rel=\"\">Voir le catalogue contract<\/a><\/div>\n<\/div>\n<\/div><figure class=\"wp-block-media-text__media\"><img loading=\"lazy\" decoding=\"async\" width=\"818\" height=\"1024\" src=\"https:\/\/hersteragarden.com\/wp-content\/uploads\/2022\/04\/profesional-arquitectos-quote-divider-818x1024.jpg\" alt=\"\" class=\"wp-image-1368 size-full\" srcset=\"https:\/\/hersteragarden.com\/wp-content\/uploads\/2022\/04\/profesional-arquitectos-quote-divider-818x1024.jpg 818w, https:\/\/hersteragarden.com\/wp-content\/uploads\/2022\/04\/profesional-arquitectos-quote-divider-240x300.jpg 240w, https:\/\/hersteragarden.com\/wp-content\/uploads\/2022\/04\/profesional-arquitectos-quote-divider-768x961.jpg 768w, https:\/\/hersteragarden.com\/wp-content\/uploads\/2022\/04\/profesional-arquitectos-quote-divider-600x751.jpg 600w, https:\/\/hersteragarden.com\/wp-content\/uploads\/2022\/04\/profesional-arquitectos-quote-divider.jpg 1106w\" sizes=\"auto, (max-width: 818px) 100vw, 818px\" \/><\/figure><\/div>\n\n\t<\/div>\n\n<\/div>\n\n<\/div>\n<div class=\"wp-bootstrap-blocks-container container mb-0 pt-5 pb-5\">\n\t\n<div class=\"wp-bootstrap-blocks-row row\">\n\t\n\n<div class=\"col-11 col-md-11 mx-auto\">\n\t\t\t\n\n<div class=\"wp-block-media-text is-stacked-on-mobile is-vertically-aligned-center\"><figure class=\"wp-block-media-text__media\"><img loading=\"lazy\" decoding=\"async\" width=\"818\" height=\"1024\" src=\"https:\/\/hersteragarden.com\/wp-content\/uploads\/2022\/04\/profesional-arquitectos-quote-color-818x1024.jpg\" alt=\"\" class=\"wp-image-1367 size-full\" srcset=\"https:\/\/hersteragarden.com\/wp-content\/uploads\/2022\/04\/profesional-arquitectos-quote-color-818x1024.jpg 818w, https:\/\/hersteragarden.com\/wp-content\/uploads\/2022\/04\/profesional-arquitectos-quote-color-240x300.jpg 240w, https:\/\/hersteragarden.com\/wp-content\/uploads\/2022\/04\/profesional-arquitectos-quote-color-768x961.jpg 768w, https:\/\/hersteragarden.com\/wp-content\/uploads\/2022\/04\/profesional-arquitectos-quote-color-600x751.jpg 600w, https:\/\/hersteragarden.com\/wp-content\/uploads\/2022\/04\/profesional-arquitectos-quote-color.jpg 1106w\" sizes=\"auto, (max-width: 818px) 100vw, 818px\" \/><\/figure><div class=\"wp-block-media-text__content\">\n<h2 class=\"mb-5 has-heading-2-font-size wp-block-heading\" id=\"maceteros-jardineras-accesoriosde-jardineria-y-decoracion-paraprofesionales\">Des couleurs qui inspirent<\/h2>\n\n\n\n<p>Des teintes claires au gris anthracite, nos jardini\u00e8res m\u00e9talliques se fondent naturellement dans vos espaces. La gamme de couleurs aspire \u00e0 une pr\u00e9sence minimaliste, en mettant l&rsquo;accent sur la fonctionnalit\u00e9 et le design.<br\/><br\/>Trouvez la combinaison parfaite pour chaque espace. <\/p>\n\n\n\n<div class=\"wp-block-buttons is-layout-flex wp-block-buttons-is-layout-flex\">\n<div class=\"wp-block-button is-style-outline is-style-outline--3\"><a class=\"wp-block-button__link wp-element-button\" href=\"https:\/\/hersteragarden.com\/fr\/telecharger-le-catalogue-contract\/\" style=\"border-radius:0px\" rel=\"\">Voir le catalogue contract<\/a><\/div>\n<\/div>\n<\/div><\/div>\n\n\t<\/div>\n\n<\/div>\n\n<\/div>\n<div class=\"wp-bootstrap-blocks-container container mb-0 pt-5 pb-5\">\n\t\n<div class=\"wp-bootstrap-blocks-row row\">\n\t\n\n<div class=\"col-11 col-md-11 mx-auto\">\n\t\t\t\n\n<div class=\"wp-block-media-text has-media-on-the-right is-stacked-on-mobile is-vertically-aligned-center\"><div class=\"wp-block-media-text__content\">\n<h2 class=\"mb-5 has-heading-2-font-size wp-block-heading\" id=\"maceteros-jardineras-accesoriosde-jardineria-y-decoracion-paraprofesionales\">Jardini\u00e8res d&rsquo;int\u00e9rieur: bureaux et halls<\/h2>\n\n\n\n<p>Au sein d&rsquo;Herstera, nous croyons que la cl\u00e9 d&rsquo;un bon design est la simplicit\u00e9. Pi\u00e8ces avec des lignes droites et des mat\u00e9riaux de haute qualit\u00e9. Les jardini\u00e8res m\u00e9talliques respectent nos principes de conception et offrent une exp\u00e9rience agr\u00e9able d&rsquo;utilisation et d&rsquo;entretien gr\u00e2ce \u00e0 leurs accessoires. Le syst\u00e8me d&rsquo;auto-arrosage donne aux jardini\u00e8res un mod\u00e8le d&rsquo;arrosage autonome et optimal, les rendant aptes \u00e0 l&rsquo;int\u00e9rieur.<\/p>\n\n\n\n<div class=\"wp-block-buttons is-layout-flex wp-block-buttons-is-layout-flex\">\n<div class=\"wp-block-button is-style-outline is-style-outline--4\"><a class=\"wp-block-button__link wp-element-button\" href=\"https:\/\/hersteragarden.com\/fr\/telecharger-le-catalogue-contract\/\" style=\"border-radius:0px\" rel=\"\">Voir le catalogue contract<\/a><\/div>\n<\/div>\n<\/div><figure class=\"wp-block-media-text__media\"><img loading=\"lazy\" decoding=\"async\" width=\"818\" height=\"1024\" src=\"https:\/\/hersteragarden.com\/wp-content\/uploads\/2022\/04\/profesional-arquitectos-quote-autorriego-818x1024.jpg\" alt=\"\" class=\"wp-image-1366 size-full\" srcset=\"https:\/\/hersteragarden.com\/wp-content\/uploads\/2022\/04\/profesional-arquitectos-quote-autorriego-818x1024.jpg 818w, https:\/\/hersteragarden.com\/wp-content\/uploads\/2022\/04\/profesional-arquitectos-quote-autorriego-240x300.jpg 240w, https:\/\/hersteragarden.com\/wp-content\/uploads\/2022\/04\/profesional-arquitectos-quote-autorriego-768x961.jpg 768w, https:\/\/hersteragarden.com\/wp-content\/uploads\/2022\/04\/profesional-arquitectos-quote-autorriego-600x751.jpg 600w, https:\/\/hersteragarden.com\/wp-content\/uploads\/2022\/04\/profesional-arquitectos-quote-autorriego.jpg 1106w\" sizes=\"auto, (max-width: 818px) 100vw, 818px\" \/><\/figure><\/div>\n\n\t<\/div>\n\n<\/div>\n\n<\/div>\n<div class=\"wp-bootstrap-blocks-container container mb-0 aire\">\n\t\n<div class=\"wp-bootstrap-blocks-row row\">\n\t\n\n<div class=\"col-12 col-md-3\">\n\t\t\t\n\n<p class=\"has-lm-light-color-color has-text-color\">Les meilleures raisons<\/p>\n\n\n\n<p style=\"font-size:32px\"><strong>Pourquoi choisir Herstera ?<\/strong><\/p>\n\n\t<\/div>\n\n\n\n<div class=\"col-12 col-md-3\">\n\t\t\t\n\n<p class=\"has-lm-light-color-color has-text-color\">Secteur<\/p>\n\n\n\n<p>Jardinerie<br\/>Fleuriste<\/p>\n\n\t<\/div>\n\n\n\n<div class=\"col-12 col-md-3\">\n\t\t\t\n\n<p class=\"has-lm-light-color-color has-text-color\">Produits<\/p>\n\n\n\n<p>Poterie<br\/>Produits d\u00e9co<br\/>Jardini\u00e8res m\u00e9talliques<br\/>Potagers urbains<br\/>No\u00ebl<br\/>Jardini\u00e8res m\u00e9talliques<\/p>\n\n\t<\/div>\n\n\n\n<div class=\"col-12 col-md-3\">\n\t\t\t\n\n<p class=\"has-lm-light-color-color has-text-color\">Avantages<\/p>\n\n\n\n<p>3 000 r\u00e9f\u00e9rences<br\/>Meubles de d\u00e9tail<br\/>Conseils de d\u00e9coration<br\/>Rapidit\u00e9 de r\u00e9ponse<br\/>Transports<br\/>Showroom de 1 000 m<sup>2<\/sup><br\/>App pour les professionnels<br\/><\/p>\n\n\t<\/div>\n\n<\/div>\n\n<\/div>\n\n<div class=\"wp-block-group has-lm-background-color-background-color has-background\"><div class=\"wp-block-group__inner-container is-layout-flow wp-block-group-is-layout-flow\"><div class=\"wp-bootstrap-blocks-container container mb-0 contact-inline separator\">\n\t\n<div class=\"wp-bootstrap-blocks-row row\">\n\t\n\n<div class=\"col-12 col-md-3\">\n\t\t\t\n\n<h2 class=\"wp-block-heading\" id=\"contacto\">Contactez-nous<\/h2>\n\n\t<\/div>\n\n\n\n<div class=\"col-12 col-md-9\">\n\t\t\t\n\n<div class=\"wpcf7 no-js\" id=\"wpcf7-f5041-o1\" lang=\"fr-FR\" dir=\"ltr\">\n<div class=\"screen-reader-response\"><p role=\"status\" aria-live=\"polite\" aria-atomic=\"true\"><\/p> <ul><\/ul><\/div>\n<form action=\"\/fr\/wp-json\/wp\/v2\/pages\/4789#wpcf7-f5041-o1\" method=\"post\" class=\"wpcf7-form init\" aria-label=\"Formulaire de contact\" novalidate=\"novalidate\" data-status=\"init\">\n<div style=\"display: none;\">\n<input type=\"hidden\" name=\"_wpcf7\" value=\"5041\" \/>\n<input type=\"hidden\" name=\"_wpcf7_version\" value=\"5.8.2\" \/>\n<input type=\"hidden\" name=\"_wpcf7_locale\" value=\"fr_FR\" \/>\n<input type=\"hidden\" name=\"_wpcf7_unit_tag\" value=\"wpcf7-f5041-o1\" \/>\n<input type=\"hidden\" name=\"_wpcf7_container_post\" value=\"0\" \/>\n<input type=\"hidden\" name=\"_wpcf7_posted_data_hash\" value=\"\" \/>\n<input type=\"hidden\" name=\"_wpcf7_recaptcha_response\" value=\"\" \/>\n<\/div>\n<p><span class=\"wpcf7-form-control-wrap\" data-name=\"nombre\"><input size=\"40\" class=\"wpcf7-form-control wpcf7-text wpcf7-validates-as-required\" aria-required=\"true\" aria-invalid=\"false\" placeholder=\"Nom*\" value=\"\" type=\"text\" name=\"nombre\" \/><\/span><span class=\"wpcf7-form-control-wrap\" data-name=\"mail\"><input size=\"40\" class=\"wpcf7-form-control wpcf7-email wpcf7-validates-as-required wpcf7-text wpcf7-validates-as-email\" aria-required=\"true\" aria-invalid=\"false\" placeholder=\"Mail*\" value=\"\" type=\"email\" name=\"mail\" \/><\/span><span class=\"wpcf7-form-control-wrap\" data-name=\"telf\"><input size=\"40\" class=\"wpcf7-form-control wpcf7-tel wpcf7-validates-as-required wpcf7-text wpcf7-validates-as-tel\" aria-required=\"true\" aria-invalid=\"false\" placeholder=\"T\u00e9l\u00e9phone*\" value=\"\" type=\"tel\" name=\"telf\" \/><\/span><span class=\"wpcf7-form-control-wrap\" data-name=\"empresa\"><input size=\"40\" class=\"wpcf7-form-control wpcf7-text\" aria-invalid=\"false\" placeholder=\"Entreprise\" value=\"\" type=\"text\" name=\"empresa\" \/><\/span><span class=\"wpcf7-form-control-wrap\" data-name=\"your-select-company\"><select class=\"wpcf7-form-control wpcf7-select wpcf7-validates-as-required\" aria-required=\"true\" aria-invalid=\"false\" name=\"your-select-company\"><option value=\"\">Type d&#039;entreprise<\/option><option value=\"Garden\/ Jardinage\">Garden\/ Jardinage<\/option><option value=\"Fleuriste\">Fleuriste<\/option><option value=\"Vivero\">Vivero<\/option><option value=\"Centre de bricolage\">Centre de bricolage<\/option><option value=\"Architecture\">Architecture<\/option><option value=\"D\u00e9corateur\/Architecte d&#039;int\u00e9rieur\">D\u00e9corateur\/Architecte d&#039;int\u00e9rieur<\/option><option value=\"Paysagiste\">Paysagiste<\/option><option value=\"E-commerce\">E-commerce<\/option><option value=\"Autres\">Autres<\/option><\/select><\/span><span class=\"wpcf7-form-control-wrap\" data-name=\"provincia\"><input size=\"40\" class=\"wpcf7-form-control wpcf7-text\" aria-invalid=\"false\" placeholder=\"Province\" value=\"\" type=\"text\" name=\"provincia\" \/><\/span><span class=\"wpcf7-form-control-wrap\" data-name=\"pais\"><input size=\"40\" class=\"wpcf7-form-control wpcf7-text\" aria-invalid=\"false\" placeholder=\"Pays\" value=\"\" type=\"text\" name=\"pais\" \/><\/span><span class=\"wpcf7-form-control-wrap\" data-name=\"message\"><textarea cols=\"40\" rows=\"10\" class=\"wpcf7-form-control wpcf7-textarea\" aria-invalid=\"false\" placeholder=\"Comment pouvons-nous vous aider ?\" name=\"message\"><\/textarea><\/span><span class=\"wpcf7-form-control-wrap\" data-name=\"acceptance-235\"><span class=\"wpcf7-form-control wpcf7-acceptance\"><span class=\"wpcf7-list-item\"><label><input type=\"checkbox\" name=\"acceptance-235\" value=\"1\" aria-invalid=\"false\" \/><span class=\"wpcf7-list-item-label\">J'ai lu et j'accepte <a href=\"https:\/\/hersteragarden.com\/politica-privacidad\/\">la politique de confidentialit\u00e9<\/a><br>En vous inscrivant, vous acceptez <a href=\"https:\/\/hersteragarden.com\/politica-privacidad\/\">la politique de confidentialit\u00e9 et de protection des donn\u00e9es<\/a><\/span><\/label><\/span><\/span><\/span><span class=\"wpcf7-form-control-wrap\" data-name=\"your-consent\"><span class=\"wpcf7-form-control wpcf7-checkbox\"><span class=\"wpcf7-list-item first last\"><label><input type=\"checkbox\" name=\"your-consent[]\" value=\"Je souhaite recevoir des nouvelles d&#039;Herstera par mail\" \/><span class=\"wpcf7-list-item-label\">Je souhaite recevoir des nouvelles d&#039;Herstera par mail<\/span><\/label><\/span><\/span><\/span><input class=\"wpcf7-form-control wpcf7-submit has-spinner\" type=\"submit\" value=\"Envoyer\" \/>\n<\/p><div class=\"wpcf7-response-output\" aria-hidden=\"true\"><\/div>\n<\/form>\n<\/div>\n\n\n\t<\/div>\n\n<\/div>\n\n<\/div>\n<\/div><\/div>\n","protected":false},"excerpt":{"rendered":"<p> <span class=\"more-symbol\">[&#8230;]<\/span><\/p>\n","protected":false},"author":2,"featured_media":0,"parent":4783,"menu_order":3,"comment_status":"closed","ping_status":"closed","template":"page-templates\/fullwidthpage.php","meta":{"inline_featured_image":false,"footnotes":""},"class_list":["post-4789","page","type-page","status-publish","hentry"],"yoast_head":"<!-- This site is optimized with the Yoast SEO plugin v21.5 - https:\/\/yoast.com\/wordpress\/plugins\/seo\/ -->\n<title>Jardini\u00e8res M\u00e9talliques Projets Contract &amp; Architecture<\/title>\n<meta name=\"description\" content=\"Ajoutez de la fonctionnalit\u00e9 et de l&#039;\u00e9l\u00e9gance \u00e0 vos projets avec nos pots et jardini\u00e8res m\u00e9talliques modulaires. Nous vous aidons \u00e0 concr\u00e9tiser vos id\u00e9es !\" \/>\n<meta name=\"robots\" content=\"index, follow, max-snippet:-1, max-image-preview:large, max-video-preview:-1\" \/>\n<link rel=\"canonical\" href=\"https:\/\/hersteragarden.com\/fr\/professionnels\/architectes-et-prescripteurs\/\" \/>\n<meta property=\"og:locale\" content=\"fr_FR\" \/>\n<meta property=\"og:type\" content=\"article\" \/>\n<meta property=\"og:title\" content=\"Jardini\u00e8res M\u00e9talliques Projets Contract &amp; Architecture\" \/>\n<meta property=\"og:description\" content=\"Ajoutez de la fonctionnalit\u00e9 et de l&#039;\u00e9l\u00e9gance \u00e0 vos projets avec nos pots et jardini\u00e8res m\u00e9talliques modulaires. Nous vous aidons \u00e0 concr\u00e9tiser vos id\u00e9es !\" \/>\n<meta property=\"og:url\" content=\"https:\/\/hersteragarden.com\/fr\/professionnels\/architectes-et-prescripteurs\/\" \/>\n<meta property=\"og:site_name\" content=\"hersteragarden.com\" \/>\n<meta property=\"article:modified_time\" content=\"2023-01-11T12:17:03+00:00\" \/>\n<meta property=\"og:image\" content=\"https:\/\/hersteragarden.com\/wp-content\/uploads\/2022\/04\/profesional-arquitectos-header.jpg\" \/>\n<meta name=\"twitter:card\" content=\"summary_large_image\" \/>\n<meta name=\"twitter:label1\" content=\"Dur\u00e9e de lecture estim\u00e9e\" \/>\n\t<meta name=\"twitter:data1\" content=\"2 minutes\" \/>\n<script type=\"application\/ld+json\" class=\"yoast-schema-graph\">{\"@context\":\"https:\/\/schema.org\",\"@graph\":[{\"@type\":\"WebPage\",\"@id\":\"https:\/\/hersteragarden.com\/fr\/professionnels\/architectes-et-prescripteurs\/\",\"url\":\"https:\/\/hersteragarden.com\/fr\/professionnels\/architectes-et-prescripteurs\/\",\"name\":\"Jardini\u00e8res M\u00e9talliques Projets Contract & Architecture\",\"isPartOf\":{\"@id\":\"https:\/\/hersteragarden.com\/fr\/#website\"},\"datePublished\":\"2022-04-13T10:58:09+00:00\",\"dateModified\":\"2023-01-11T12:17:03+00:00\",\"description\":\"Ajoutez de la fonctionnalit\u00e9 et de l'\u00e9l\u00e9gance \u00e0 vos projets avec nos pots et jardini\u00e8res m\u00e9talliques modulaires. Nous vous aidons \u00e0 concr\u00e9tiser vos id\u00e9es !\",\"breadcrumb\":{\"@id\":\"https:\/\/hersteragarden.com\/fr\/professionnels\/architectes-et-prescripteurs\/#breadcrumb\"},\"inLanguage\":\"fr-FR\",\"potentialAction\":[{\"@type\":\"ReadAction\",\"target\":[\"https:\/\/hersteragarden.com\/fr\/professionnels\/architectes-et-prescripteurs\/\"]}]},{\"@type\":\"BreadcrumbList\",\"@id\":\"https:\/\/hersteragarden.com\/fr\/professionnels\/architectes-et-prescripteurs\/#breadcrumb\",\"itemListElement\":[{\"@type\":\"ListItem\",\"position\":1,\"name\":\"Portada\",\"item\":\"https:\/\/hersteragarden.com\/fr\/\"},{\"@type\":\"ListItem\",\"position\":2,\"name\":\"Professionnels\",\"item\":\"https:\/\/hersteragarden.com\/fr\/professionnels\/\"},{\"@type\":\"ListItem\",\"position\":3,\"name\":\"Architectes et prescripteurs\"}]},{\"@type\":\"WebSite\",\"@id\":\"https:\/\/hersteragarden.com\/fr\/#website\",\"url\":\"https:\/\/hersteragarden.com\/fr\/\",\"name\":\"hersteragarden.com\",\"description\":\"Passion for pottery\",\"publisher\":{\"@id\":\"https:\/\/hersteragarden.com\/fr\/#organization\"},\"potentialAction\":[{\"@type\":\"SearchAction\",\"target\":{\"@type\":\"EntryPoint\",\"urlTemplate\":\"https:\/\/hersteragarden.com\/fr\/?s={search_term_string}\"},\"query-input\":\"required name=search_term_string\"}],\"inLanguage\":\"fr-FR\"},{\"@type\":\"Organization\",\"@id\":\"https:\/\/hersteragarden.com\/fr\/#organization\",\"name\":\"hersteragarden.com\",\"url\":\"https:\/\/hersteragarden.com\/fr\/\",\"logo\":{\"@type\":\"ImageObject\",\"inLanguage\":\"fr-FR\",\"@id\":\"https:\/\/hersteragarden.com\/fr\/#\/schema\/logo\/image\/\",\"url\":\"https:\/\/hersteragarden.com\/wp-content\/uploads\/2022\/02\/logo.svg\",\"contentUrl\":\"https:\/\/hersteragarden.com\/wp-content\/uploads\/2022\/02\/logo.svg\",\"width\":100,\"height\":100,\"caption\":\"hersteragarden.com\"},\"image\":{\"@id\":\"https:\/\/hersteragarden.com\/fr\/#\/schema\/logo\/image\/\"}}]}<\/script>\n<!-- \/ Yoast SEO plugin. -->","yoast_head_json":{"title":"Jardini\u00e8res M\u00e9talliques Projets Contract & Architecture","description":"Ajoutez de la fonctionnalit\u00e9 et de l'\u00e9l\u00e9gance \u00e0 vos projets avec nos pots et jardini\u00e8res m\u00e9talliques modulaires. Nous vous aidons \u00e0 concr\u00e9tiser vos id\u00e9es !","robots":{"index":"index","follow":"follow","max-snippet":"max-snippet:-1","max-image-preview":"max-image-preview:large","max-video-preview":"max-video-preview:-1"},"canonical":"https:\/\/hersteragarden.com\/fr\/professionnels\/architectes-et-prescripteurs\/","og_locale":"fr_FR","og_type":"article","og_title":"Jardini\u00e8res M\u00e9talliques Projets Contract & Architecture","og_description":"Ajoutez de la fonctionnalit\u00e9 et de l'\u00e9l\u00e9gance \u00e0 vos projets avec nos pots et jardini\u00e8res m\u00e9talliques modulaires. Nous vous aidons \u00e0 concr\u00e9tiser vos id\u00e9es !","og_url":"https:\/\/hersteragarden.com\/fr\/professionnels\/architectes-et-prescripteurs\/","og_site_name":"hersteragarden.com","article_modified_time":"2023-01-11T12:17:03+00:00","og_image":[{"url":"https:\/\/hersteragarden.com\/wp-content\/uploads\/2022\/04\/profesional-arquitectos-header.jpg"}],"twitter_card":"summary_large_image","twitter_misc":{"Dur\u00e9e de lecture estim\u00e9e":"2 minutes"},"schema":{"@context":"https:\/\/schema.org","@graph":[{"@type":"WebPage","@id":"https:\/\/hersteragarden.com\/fr\/professionnels\/architectes-et-prescripteurs\/","url":"https:\/\/hersteragarden.com\/fr\/professionnels\/architectes-et-prescripteurs\/","name":"Jardini\u00e8res M\u00e9talliques Projets Contract & Architecture","isPartOf":{"@id":"https:\/\/hersteragarden.com\/fr\/#website"},"datePublished":"2022-04-13T10:58:09+00:00","dateModified":"2023-01-11T12:17:03+00:00","description":"Ajoutez de la fonctionnalit\u00e9 et de l'\u00e9l\u00e9gance \u00e0 vos projets avec nos pots et jardini\u00e8res m\u00e9talliques modulaires. Nous vous aidons \u00e0 concr\u00e9tiser vos id\u00e9es !","breadcrumb":{"@id":"https:\/\/hersteragarden.com\/fr\/professionnels\/architectes-et-prescripteurs\/#breadcrumb"},"inLanguage":"fr-FR","potentialAction":[{"@type":"ReadAction","target":["https:\/\/hersteragarden.com\/fr\/professionnels\/architectes-et-prescripteurs\/"]}]},{"@type":"BreadcrumbList","@id":"https:\/\/hersteragarden.com\/fr\/professionnels\/architectes-et-prescripteurs\/#breadcrumb","itemListElement":[{"@type":"ListItem","position":1,"name":"Portada","item":"https:\/\/hersteragarden.com\/fr\/"},{"@type":"ListItem","position":2,"name":"Professionnels","item":"https:\/\/hersteragarden.com\/fr\/professionnels\/"},{"@type":"ListItem","position":3,"name":"Architectes et prescripteurs"}]},{"@type":"WebSite","@id":"https:\/\/hersteragarden.com\/fr\/#website","url":"https:\/\/hersteragarden.com\/fr\/","name":"hersteragarden.com","description":"Passion for pottery","publisher":{"@id":"https:\/\/hersteragarden.com\/fr\/#organization"},"potentialAction":[{"@type":"SearchAction","target":{"@type":"EntryPoint","urlTemplate":"https:\/\/hersteragarden.com\/fr\/?s={search_term_string}"},"query-input":"required name=search_term_string"}],"inLanguage":"fr-FR"},{"@type":"Organization","@id":"https:\/\/hersteragarden.com\/fr\/#organization","name":"hersteragarden.com","url":"https:\/\/hersteragarden.com\/fr\/","logo":{"@type":"ImageObject","inLanguage":"fr-FR","@id":"https:\/\/hersteragarden.com\/fr\/#\/schema\/logo\/image\/","url":"https:\/\/hersteragarden.com\/wp-content\/uploads\/2022\/02\/logo.svg","contentUrl":"https:\/\/hersteragarden.com\/wp-content\/uploads\/2022\/02\/logo.svg","width":100,"height":100,"caption":"hersteragarden.com"},"image":{"@id":"https:\/\/hersteragarden.com\/fr\/#\/schema\/logo\/image\/"}}]}},"_links":{"self":[{"href":"https:\/\/hersteragarden.com\/fr\/wp-json\/wp\/v2\/pages\/4789","targetHints":{"allow":["GET"]}}],"collection":[{"href":"https:\/\/hersteragarden.com\/fr\/wp-json\/wp\/v2\/pages"}],"about":[{"href":"https:\/\/hersteragarden.com\/fr\/wp-json\/wp\/v2\/types\/page"}],"author":[{"embeddable":true,"href":"https:\/\/hersteragarden.com\/fr\/wp-json\/wp\/v2\/users\/2"}],"replies":[{"embeddable":true,"href":"https:\/\/hersteragarden.com\/fr\/wp-json\/wp\/v2\/comments?post=4789"}],"version-history":[{"count":2,"href":"https:\/\/hersteragarden.com\/fr\/wp-json\/wp\/v2\/pages\/4789\/revisions"}],"predecessor-version":[{"id":4991,"href":"https:\/\/hersteragarden.com\/fr\/wp-json\/wp\/v2\/pages\/4789\/revisions\/4991"}],"up":[{"embeddable":true,"href":"https:\/\/hersteragarden.com\/fr\/wp-json\/wp\/v2\/pages\/4783"}],"wp:attachment":[{"href":"https:\/\/hersteragarden.com\/fr\/wp-json\/wp\/v2\/media?parent=4789"}],"curies":[{"name":"wp","href":"https:\/\/api.w.org\/{rel}","templated":true}]}}